{"id":4035,"date":"2023-09-13T14:21:16","date_gmt":"2023-09-13T12:21:16","guid":{"rendered":"https:\/\/deseic.com\/contacte\/"},"modified":"2023-12-01T14:45:06","modified_gmt":"2023-12-01T12:45:06","slug":"contacto","status":"publish","type":"page","link":"https:\/\/deseic.com\/es\/contacto\/","title":{"rendered":"Contacto"},"content":{"rendered":"\n<div class=\"wp-block-deseic-capcalera mod_slider\">\n<div class=\"wp-block-deseic-capcalera-item mod_franja_simple centra_vertical bg_imatge text-blanc\" style=\"background-image:url(https:\/\/deseic.com\/wp-content\/uploads\/2023\/09\/32079-cadira-thonet.jpg)\"><div class=\"wrapper\"><div class=\"maq-contenidor\"><h2 class=\"com_titular_2\"><span>NOS GUSTA<br>ESCUCHAR,<br>EN QU\u00c9 PODEMOS<br>AYUDARTE?<\/span><\/h2><\/div><\/div><\/div>\n<\/div>\n\n\n\n<div class=\"wp-block-columns is-layout-flex wp-container-core-columns-is-layout-9d6595d7 wp-block-columns-is-layout-flex\">\n<div class=\"wp-block-column is-layout-flow wp-block-column-is-layout-flow\">\n<h2 class=\"wp-block-heading is-style-deseic-titular-mig\">CONTACTA<br>CON NOSTROS<\/h2>\n\n\n\n<p>No dude en contactar con <br>nosotros por correo electr\u00f3nico <br><a href=\"mailto:info@deseic.com\">info@deseic.com<\/a>, por tel\u00e9fono al <br>613 116 609 y encontrarnos <br>en Instagram <a href=\"https:\/\/www.instagram.com\/deseic_mobles\/\" data-type=\"link\" data-id=\"https:\/\/www.instagram.com\/deseic_mobles\/\" target=\"_blank\" rel=\"noreferrer noopener\">@deseic_mobles<\/a><\/p>\n<\/div>\n\n\n\n<div class=\"wp-block-column is-layout-flow wp-block-column-is-layout-flow\">\n<h2 class=\"wp-block-heading is-style-deseic-titular-mig\">RESERVAR HORA<br>PARA EL SHOWROOM<\/h2>\n\n\n\n<p>Ind\u00edcanos d\u00eda y hora que te va bien de<br>pasar por DESEIC, por correo<br>electr\u00f3nico en <a href=\"mailto:info@deseic.com\">info@deseic.com<\/a>, por<br>tel\u00e9fono en el 613 116 609.<\/p>\n<\/div>\n<\/div>\n\n\n\n<h2 class=\"wp-block-heading is-style-deseic-titular-gran contacte-tit-rapid\">F\u00c1CIL Y R\u00c1PIDO<\/h2>\n\n\n\n<p class=\"contacte-subtitol\">\u00bfQU\u00c9 CANAL DE COMUNICACI\u00d3N TE GUSTA M\u00c1S?<\/p>\n\n\n\n<div class=\"wp-block-columns mod-contacte is-layout-flex wp-container-core-columns-is-layout-9d6595d7 wp-block-columns-is-layout-flex\">\n<div class=\"wp-block-column is-layout-flow wp-block-column-is-layout-flow\">\n<span class=\"icon-phone\"><\/span>\n\n\n\n<p class=\"gran\">613 116 609<\/p>\n\n\n\n<p>TEL\u00c9FONO<\/p>\n<\/div>\n\n\n\n<div class=\"wp-block-column is-layout-flow wp-block-column-is-layout-flow\">\n<span class=\"icon-whatsapp\"><\/span>\n\n\n\n<p class=\"gran\"><a href=\"https:\/\/wa.me\/34613116609\">613 116 609<\/a><\/p>\n\n\n\n<p>WHATSAPP<\/p>\n<\/div>\n\n\n\n<div class=\"wp-block-column is-layout-flow wp-block-column-is-layout-flow\">\n<span class=\"icon-instagram\"><\/span>\n\n\n\n<p class=\"gran\">REDES<\/p>\n\n\n\n<p><a rel=\"noreferrer noopener\" href=\"https:\/\/www.instagram.com\/deseic_mobles\" target=\"_blank\">INSTAGRAM<\/a><br><a rel=\"noreferrer noopener\" href=\"https:\/\/www.facebook.com\/deseic\" target=\"_blank\">FACEBOOK<\/a><\/p>\n<\/div>\n\n\n\n<div class=\"wp-block-column is-layout-flow wp-block-column-is-layout-flow\">\n<span class=\"icon-mail-envelope-closed\"><\/span>\n\n\n\n<p class=\"gran\"><a href=\"mailto:info@deseic.com\">info@deseic.com<\/a><\/p>\n\n\n\n<p>E-MAIL<\/p>\n<\/div>\n<\/div>\n","protected":false},"excerpt":{"rendered":"<p>CONTACTACON NOSTROS No dude en contactar con nosotros por correo electr\u00f3nico info@deseic.com, por tel\u00e9fono al 613 116 609 y encontrarnos en Instagram @deseic_mobles RESERVAR HORAPARA EL SHOWROOM Ind\u00edcanos d\u00eda y hora que te va bien depasar por DESEIC, por correoelectr\u00f3nico en info@deseic.com, portel\u00e9fono en el 613 116 609. F\u00c1CIL Y R\u00c1PIDO \u00bfQU\u00c9 CANAL DE COMUNICACI\u00d3N [&hellip;]<\/p>\n","protected":false},"author":1,"featured_media":0,"parent":0,"menu_order":0,"comment_status":"closed","ping_status":"closed","template":"","meta":{"footnotes":""},"class_list":["post-4035","page","type-page","status-publish","hentry"],"_links":{"self":[{"href":"https:\/\/deseic.com\/es\/wp-json\/wp\/v2\/pages\/4035","targetHints":{"allow":["GET"]}}],"collection":[{"href":"https:\/\/deseic.com\/es\/wp-json\/wp\/v2\/pages"}],"about":[{"href":"https:\/\/deseic.com\/es\/wp-json\/wp\/v2\/types\/page"}],"author":[{"embeddable":true,"href":"https:\/\/deseic.com\/es\/wp-json\/wp\/v2\/users\/1"}],"replies":[{"embeddable":true,"href":"https:\/\/deseic.com\/es\/wp-json\/wp\/v2\/comments?post=4035"}],"version-history":[{"count":7,"href":"https:\/\/deseic.com\/es\/wp-json\/wp\/v2\/pages\/4035\/revisions"}],"predecessor-version":[{"id":4795,"href":"https:\/\/deseic.com\/es\/wp-json\/wp\/v2\/pages\/4035\/revisions\/4795"}],"wp:attachment":[{"href":"https:\/\/deseic.com\/es\/wp-json\/wp\/v2\/media?parent=4035"}],"curies":[{"name":"wp","href":"https:\/\/api.w.org\/{rel}","templated":true}]}}